{"id":3555,"date":"2026-03-12T21:41:53","date_gmt":"2026-03-12T20:41:53","guid":{"rendered":"https:\/\/sofa-ms.de\/?page_id=3555"},"modified":"2026-04-21T23:32:05","modified_gmt":"2026-04-21T21:32:05","slug":"castor-tag-x","status":"publish","type":"page","link":"https:\/\/sofa-ms.de\/?page_id=3555","title":{"rendered":"Castor-Tag-X\u00b2"},"content":{"rendered":"<p><span style=\"font-family: arial, helvetica, sans-serif;\"><img loading=\"lazy\" decoding=\"async\" class=\"size-medium wp-image-3764 alignright\" src=\"https:\/\/sofa-ms.de\/wp-content\/uploads\/2026\/04\/Sharepic-Bottrop-X2-271x300.jpg\" alt=\"\" width=\"271\" height=\"300\" srcset=\"https:\/\/sofa-ms.de\/wp-content\/uploads\/2026\/04\/Sharepic-Bottrop-X2-271x300.jpg 271w, https:\/\/sofa-ms.de\/wp-content\/uploads\/2026\/04\/Sharepic-Bottrop-X2-925x1024.jpg 925w, https:\/\/sofa-ms.de\/wp-content\/uploads\/2026\/04\/Sharepic-Bottrop-X2-768x851.jpg 768w, https:\/\/sofa-ms.de\/wp-content\/uploads\/2026\/04\/Sharepic-Bottrop-X2-465x515.jpg 465w, https:\/\/sofa-ms.de\/wp-content\/uploads\/2026\/04\/Sharepic-Bottrop-X2-451x500.jpg 451w, https:\/\/sofa-ms.de\/wp-content\/uploads\/2026\/04\/Sharepic-Bottrop-X2.jpg 1024w\" sizes=\"auto, (max-width: 271px) 100vw, 271px\" \/><strong> HEUTE, 21.4., startet der n\u00e4Xte Castor in J\u00fclich.<\/strong> Es soll wieder nur ein Castor-Beh\u00e4lter transportiert werden. Wir fordern weiterhin eine langfristig sinnvolle und sicherheitsorientierte Atomm\u00fcllpolitik! Mobilisiert und kommt nach Ahaus, Bottrop, J\u00fclich! <a href=\"https:\/\/sofa-ms.de\/?cat=5\" target=\"_blank\" rel=\"noopener\">Zum aktuellen Castor-Blog-Artikel!<\/a><strong> Der Castor ist offenbar immer noch in J\u00fclich. Es gibt wohl Probleme mit der Elektrik. Polizei-Konvois sorgen schon f\u00fcr Verkehrsverz\u00f6gerungen auf der Autobahn A44.<\/strong><br \/>\n<\/span><\/p>\n<h2><span style=\"font-family: arial, helvetica, sans-serif;\"><strong>Kommt heute zu den Protesten:<\/strong><\/span><\/h2>\n<ul>\n<li><strong><span style=\"font-family: arial, helvetica, sans-serif;\">seit ca. 19 Uhr Spontanversammlung auf der Autobahn-Rastst\u00e4tte Rurtal-Ost, wurde um 20:50 Uhr ger\u00e4umt!<\/span><\/strong><\/li>\n<li><span style=\"font-family: arial, helvetica, sans-serif;\">18 Uhr <a href=\"https:\/\/www.westcastor.org\/\" target=\"_blank\" rel=\"noopener\">Mahnwache am Forschungszentrums J\u00fclich<\/a> (Stetternicher Staatsforststra\u00dfe ca. 20m vor der Kreuzung Wilhelm-Johnen-Str.)<\/span><\/li>\n<li><span style=\"font-family: arial, helvetica, sans-serif;\">18 Uhr <a href=\"https:\/\/dielinke-aachen.de\/termine\/extern\/665-castor-alarm-aktionen-gegen-die-castor-transporte\" target=\"_blank\" rel=\"noopener\">Mahnwache in J\u00fclich nahe der Autobahn-Auffahrt J\u00fclich West<\/a>, Aachener Landstra\u00dfe 25 (K\u00f6nigsh\u00e4uschen), Bushaltestelle Neubourheim, erreichbar mit Bussen aus Aachen und J\u00fclich.<\/span><\/li>\n<li><span style=\"font-size: 16px; font-family: arial, helvetica, sans-serif;\">18 Uhr Auftakt Ahaus <strong>Rathaus<\/strong>, danach Demo zur Transport-Route Schorlemer Stra\u00dfe\/ Sch\u00f6ppinger Stra\u00dfe bei Teppich Janning, dort ca. 19:00 Uhr symbolische Blockade in Form eines X, danach Demo-Zug \u00fcber die Transport-Route Sch\u00f6ppinger Stra\u00dfe zur Dauer-Mahnwache ab ca. 20:15 Uhr am Zwischenlager (f\u00fcr Anreise-Infos klickt auf das Bild)<a href=\"https:\/\/sofa-ms.de\/wp-content\/uploads\/2026\/04\/Mahnwache-Anreise.jpg\"><img loading=\"lazy\" decoding=\"async\" class=\"alignleft wp-image-3785 size-medium\" src=\"https:\/\/sofa-ms.de\/wp-content\/uploads\/2026\/04\/Mahnwache-Anreise-300x142.jpg\" alt=\"\" width=\"300\" height=\"142\" srcset=\"https:\/\/sofa-ms.de\/wp-content\/uploads\/2026\/04\/Mahnwache-Anreise-300x142.jpg 300w, https:\/\/sofa-ms.de\/wp-content\/uploads\/2026\/04\/Mahnwache-Anreise-1024x486.jpg 1024w, https:\/\/sofa-ms.de\/wp-content\/uploads\/2026\/04\/Mahnwache-Anreise-768x365.jpg 768w, https:\/\/sofa-ms.de\/wp-content\/uploads\/2026\/04\/Mahnwache-Anreise-1536x729.jpg 1536w, https:\/\/sofa-ms.de\/wp-content\/uploads\/2026\/04\/Mahnwache-Anreise-465x221.jpg 465w, https:\/\/sofa-ms.de\/wp-content\/uploads\/2026\/04\/Mahnwache-Anreise-695x330.jpg 695w, https:\/\/sofa-ms.de\/wp-content\/uploads\/2026\/04\/Mahnwache-Anreise.jpg 1816w\" sizes=\"auto, (max-width: 300px) 100vw, 300px\" \/><\/a><\/span><\/li>\n<li><span style=\"font-family: arial, helvetica, sans-serif;\">20:30 Uhr Mahnwache in Bottrop an der Kreuzung Fernewaldstra\u00dfe\/ Oberhausener Stra\u00dfe nahe den Autobahnbr\u00fccken, wo wir im Januar erfolgreich demonstriert haben, es soll in Castor-Sichtweite demonstriert werden<br \/>\n<\/span><\/li>\n<\/ul>\n<p>&nbsp;<\/p>\n<ul>\n<li><span style=\"font-family: arial, helvetica, sans-serif;\"><strong>&#8211;&gt; alle oben genannten Proteste sind angemeldet und fallen unter das Versammlungsrecht, die Polizei muss euch also Zugang gew\u00e4hren! Bei Stress mit der Polizei ruft den Ermittlungs-Ausschuss an, egal ob Platzverweise, Identit\u00e4tskontrollen oder Festnahmen. Erreichbar ab Dienstag, ca 15 Uhr unter 0151-51402319<img loading=\"lazy\" decoding=\"async\" class=\"size-medium wp-image-3733 alignright\" src=\"https:\/\/sofa-ms.de\/wp-content\/uploads\/2026\/03\/Sharepic-Castor-EA-300x300.jpg\" alt=\"\" width=\"300\" height=\"300\" srcset=\"https:\/\/sofa-ms.de\/wp-content\/uploads\/2026\/03\/Sharepic-Castor-EA-300x300.jpg 300w, https:\/\/sofa-ms.de\/wp-content\/uploads\/2026\/03\/Sharepic-Castor-EA-1024x1024.jpg 1024w, https:\/\/sofa-ms.de\/wp-content\/uploads\/2026\/03\/Sharepic-Castor-EA-150x150.jpg 150w, https:\/\/sofa-ms.de\/wp-content\/uploads\/2026\/03\/Sharepic-Castor-EA-768x768.jpg 768w, https:\/\/sofa-ms.de\/wp-content\/uploads\/2026\/03\/Sharepic-Castor-EA-1536x1536.jpg 1536w, https:\/\/sofa-ms.de\/wp-content\/uploads\/2026\/03\/Sharepic-Castor-EA-2048x2048.jpg 2048w, https:\/\/sofa-ms.de\/wp-content\/uploads\/2026\/03\/Sharepic-Castor-EA-465x465.jpg 465w, https:\/\/sofa-ms.de\/wp-content\/uploads\/2026\/03\/Sharepic-Castor-EA-500x500.jpg 500w\" sizes=\"auto, (max-width: 300px) 100vw, 300px\" \/><\/strong><\/span><\/li>\n<li><span style=\"font-family: arial, helvetica, sans-serif;\">organisiert weitere eigene Proteste, ggf. als Spontanversammlung, die Risiko-Str. ist 170km lang, ladet \u00fcber den Ticker Menschen zum Mitmachen ein<\/span><\/li>\n<\/ul>\n<h2><span style=\"font-family: arial, helvetica, sans-serif;\">Anlaufpunkte:<\/span><\/h2>\n<p><span style=\"font-family: arial, helvetica, sans-serif;\">Kommt am besten direkt und zeitig zu den Mahnwachen\/ Demos, bei sp\u00e4terer Anreise haltet euch \u00fcber den <a href=\"https:\/\/castor-stoppen.de\/ticker\/\" target=\"_blank\" rel=\"noopener\">Castor-Ticker<\/a> auf dem Laufenden. Im <a href=\"https:\/\/mareike-hermeier.de\/wahlkreis\/\" target=\"_blank\" rel=\"noopener\">Wahlkreisb\u00fcro von Mareike Hermeier<\/a> soll es abends\/ nachts Tee zum aufw\u00e4rmen geben, ebenso an der Mahnwache vor dem Zwischenlager.<\/span><\/p>\n<h2><span style=\"font-family: arial, helvetica, sans-serif;\"><strong>aktuelle Infos:<\/strong><\/span><\/h2>\n<ul>\n<li><span style=\"font-family: arial, helvetica, sans-serif;\"><a href=\"https:\/\/castor-stoppen.de\/ticker\/\" target=\"_blank\" rel=\"noopener\">Ticker auf castor-stoppen.de<\/a><\/span><\/li>\n<li><span style=\"font-family: arial, helvetica, sans-serif;\"><a href=\"https:\/\/norden.social\/@castorstoppen\" target=\"_blank\" rel=\"noopener\">Ticker castor-stoppen bei Mastodon norden.social\/@castorstoppen<\/a><\/span><\/li>\n<li><span style=\"font-family: arial, helvetica, sans-serif;\"><a href=\"https:\/\/bsky.app\/profile\/castorstoppen.bsky.social\" target=\"_blank\" rel=\"noopener\">Ticker castor-stoppen bei Bluesky<\/a><\/span><\/li>\n<li><span style=\"font-family: arial, helvetica, sans-serif;\"><a href=\"https:\/\/www.instagram.com\/castorstoppen\/\" target=\"_blank\" rel=\"noopener\">Castor-stoppen bei Instagram<\/a><\/span><\/li>\n<li><span style=\"font-family: arial, helvetica, sans-serif;\"><a href=\"https:\/\/whatsapp.com\/channel\/0029Vb7dT2j5q08bUqcyVa42\" target=\"_blank\" rel=\"noopener\">Castor-stoppen bei WhatsApp<\/a><\/span><\/li>\n<li><span style=\"font-family: arial, helvetica, sans-serif;\">Westcastor Signalgruppe bzw. SMS-Verteiler (0176 52270865 | Tag X)<\/span><\/li>\n<li><span style=\"font-family: arial, helvetica, sans-serif;\"><strong>Beobachtungen selber melden unter ticker@castor-stoppen.de<\/strong><\/span><\/li>\n<\/ul>\n<h2><span style=\"font-family: arial, helvetica, sans-serif;\"><strong>die wahrscheinlichen Transportrouten:<\/strong><\/span><\/h2>\n<p><span style=\"font-family: arial, helvetica, sans-serif;\">Schaut euch diese <a href=\"https:\/\/www.google.com\/maps\/d\/viewer?mid=1gXcMdBCp6SzcCcijSi1kJGvku0fMxsU&amp;femb=1&amp;ll=51.48383808083116%2C7.007720000000001&amp;z=9\" target=\"_blank\" rel=\"noopener\">google-Karte<\/a> an oder nehmt diese Variante bei <a href=\"https:\/\/castor.nirgendwo.info\" target=\"_blank\" rel=\"noopener\">Openstreet-map<\/a> mit ein paar mehr &#8222;Ausweich&#8220;-Routen. Die wahrscheinlichste\/ k\u00fcrzeste Route wurde quasi durch das Bundesverkehrsministerium <a href=\"https:\/\/sofa-ms.de\/?p=3718\">best\u00e4tigt, <\/a>indem eine Drohnen-Flugverbotszone ver\u00f6ffentlicht wurde und wurde auch beim ersten Castor genutzt:<\/span><\/p>\n<p><strong>24.3.2026<\/strong><br \/>\n22.07 Uhr &#8211; Abfahrt in J\u00fclich<br \/>\n22.45 Uhr &#8211; Kreuz J\u00fcchen<br \/>\n23.15 Uhr &#8211; Neuss<br \/>\n23.20 Uhr &#8211; Kreuz Kaarst<br \/>\n23.30 Uhr &#8211; Konvoi in H\u00f6he Kreuz Meerbusch auf der A57<br \/>\n<strong>25.3.2026<\/strong><br \/>\n00.00 Uhr &#8211; Krefeld<br \/>\n00.10 Uhr &#8211; Konvoi f\u00e4hrt \u00fcber Rheinbr\u00fccke bei Duisburg \/ A42<br \/>\n00.20 Uhr &#8211; Kreuz Oberhausen<br \/>\n00.30 Uhr &#8211; vor Kreuz Bottrop, Abzweig auf die A31<br \/>\n01.00 Uhr &#8211; bei Dorsten auf der A31<br \/>\n01.20 Uhr &#8211; Gescher<br \/>\n02.00 Uhr &#8211; \u00fcber Heek nach Ahaus<\/p>\n","protected":false},"excerpt":{"rendered":"<p>HEUTE, 21.4., startet der n\u00e4Xte Castor in J\u00fclich. Es soll wieder nur ein Castor-Beh\u00e4lter transportiert werden. Wir fordern weiterhin eine langfristig sinnvolle und sicherheitsorientierte Atomm\u00fcllpolitik! Mobilisiert und kommt nach Ahaus, Bottrop, J\u00fclich! Zum aktuellen Castor-Blog-Artikel! Der Castor ist offenbar immer noch in J\u00fclich. Es gibt wohl Probleme mit der Elektrik.<span class=\"more-link\"><a href=\"https:\/\/sofa-ms.de\/?page_id=3555\">lies mehr<\/a><\/span><\/p>\n","protected":false},"author":1,"featured_media":0,"parent":0,"menu_order":0,"comment_status":"closed","ping_status":"closed","template":"","meta":{"footnotes":""},"class_list":["entry","author-sofadmin","post-3555","page","type-page","status-publish"],"_links":{"self":[{"href":"https:\/\/sofa-ms.de\/index.php?rest_route=\/wp\/v2\/pages\/3555","targetHints":{"allow":["GET"]}}],"collection":[{"href":"https:\/\/sofa-ms.de\/index.php?rest_route=\/wp\/v2\/pages"}],"about":[{"href":"https:\/\/sofa-ms.de\/index.php?rest_route=\/wp\/v2\/types\/page"}],"author":[{"embeddable":true,"href":"https:\/\/sofa-ms.de\/index.php?rest_route=\/wp\/v2\/users\/1"}],"replies":[{"embeddable":true,"href":"https:\/\/sofa-ms.de\/index.php?rest_route=%2Fwp%2Fv2%2Fcomments&post=3555"}],"version-history":[{"count":39,"href":"https:\/\/sofa-ms.de\/index.php?rest_route=\/wp\/v2\/pages\/3555\/revisions"}],"predecessor-version":[{"id":3802,"href":"https:\/\/sofa-ms.de\/index.php?rest_route=\/wp\/v2\/pages\/3555\/revisions\/3802"}],"wp:attachment":[{"href":"https:\/\/sofa-ms.de\/index.php?rest_route=%2Fwp%2Fv2%2Fmedia&parent=3555"}],"curies":[{"name":"wp","href":"https:\/\/api.w.org\/{rel}","templated":true}]}}