{"id":3612,"date":"2026-01-31T21:00:29","date_gmt":"2026-01-31T20:00:29","guid":{"rendered":"https:\/\/sofa-ms.de\/?page_id=3612"},"modified":"2026-03-07T09:46:31","modified_gmt":"2026-03-07T08:46:31","slug":"castor-demo-ahaus","status":"publish","type":"page","link":"https:\/\/sofa-ms.de\/?page_id=3612","title":{"rendered":"Castor-Demo Ahaus"},"content":{"rendered":"<p><span style=\"font-family: arial, helvetica, sans-serif;\"><img loading=\"lazy\" decoding=\"async\" class=\"size-medium wp-image-3611 alignleft\" src=\"https:\/\/sofa-ms.de\/wp-content\/uploads\/2026\/01\/Sharepic-Ahaus-Demo-7.3-240x300.jpeg\" alt=\"\" width=\"240\" height=\"300\" srcset=\"https:\/\/sofa-ms.de\/wp-content\/uploads\/2026\/01\/Sharepic-Ahaus-Demo-7.3-240x300.jpeg 240w, https:\/\/sofa-ms.de\/wp-content\/uploads\/2026\/01\/Sharepic-Ahaus-Demo-7.3-819x1024.jpeg 819w, https:\/\/sofa-ms.de\/wp-content\/uploads\/2026\/01\/Sharepic-Ahaus-Demo-7.3-768x960.jpeg 768w, https:\/\/sofa-ms.de\/wp-content\/uploads\/2026\/01\/Sharepic-Ahaus-Demo-7.3-1229x1536.jpeg 1229w, https:\/\/sofa-ms.de\/wp-content\/uploads\/2026\/01\/Sharepic-Ahaus-Demo-7.3-440x550.jpeg 440w, https:\/\/sofa-ms.de\/wp-content\/uploads\/2026\/01\/Sharepic-Ahaus-Demo-7.3-400x500.jpeg 400w, https:\/\/sofa-ms.de\/wp-content\/uploads\/2026\/01\/Sharepic-Ahaus-Demo-7.3.jpeg 1638w\" sizes=\"auto, (max-width: 240px) 100vw, 240px\" \/>Nach \u00fcber 15 Jahren Planung f\u00fcr Castor-Transporte muss man diese als gescheitert ansehen und Bundes- und Landesregierung m\u00fcssen endlich f\u00fcr ein m\u00f6glichst sicheres Zwischenlager in J\u00fclich sorgen, was die Atomm\u00fcllverursacher seit 15 Jahren verschlampen&#8230; <\/span><span style=\"font-family: arial, helvetica, sans-serif;\">Der <a href=\"https:\/\/www.bund-nrw.de\/themen\/atomkraft\/castor-alarm\/\" target=\"_blank\" rel=\"noopener\">BUND NRW<\/a> hat <a href=\"https:\/\/sofa-ms.de\/?p=3583\" target=\"_blank\" rel=\"noopener\">Beschwerde gegen den Castor-Beschluss<\/a> des Verwaltungsgericht Berlin bez\u00fcglich der Transportgenehmigung\u00a0 eingelegt &#8211; also geht es vor dem OVG Berlin\/Brandenburg weiter. <\/span><\/p>\n<p><span style=\"font-family: arial, helvetica, sans-serif;\"><strong>Und wir machen auf der Stra\u00dfe weiter Druck:<\/strong> <\/span><\/p>\n<p style=\"text-align: left;\"><a href=\"https:\/\/sofa-ms.de\/wp-content\/uploads\/2026\/02\/Demo-Aufruf-Ahaus-070326.pdf\" target=\"_blank\" rel=\"noopener\"><span style=\"font-family: arial, helvetica, sans-serif; font-size: 20px;\">Demo-Aufruf als PDF<\/span><\/a><span style=\"font-family: arial, helvetica, sans-serif; font-size: 20px;\"> \u00a0 \u00a0\u00a0 <a href=\"https:\/\/sofa-ms.de\/wp-content\/uploads\/2026\/02\/Druck-Ahaus-Demo-7.3.qr_.pdf\" target=\"_blank\" rel=\"noopener\">Druck-Vorlage-A4-Plakat.pdf<\/a><\/span><\/p>\n<h3 style=\"text-align: center;\"><span style=\"font-size: 20px; font-family: arial, helvetica, sans-serif;\">Kommt am 7. M\u00e4rz zur gro\u00dfen &#8222;Stopp-Castor&#8220;-Demo nach Ahaus um 11:30 Uhr am Rathaus! <\/span><\/h3>\n<p><span style=\"font-family: arial, helvetica, sans-serif; font-size: 16px;\">Inhalt dieser Seite: <\/span><span style=\"font-family: arial, font-size: 16px;\"><a href=\"#Unterstuetzer\">unterst\u00fctzende Gruppen<\/a> &#8211; <a href=\"#Aufruf\">Demo-Aufruf<\/a> &#8211; <a href=\"#Anreise\">Anreise<\/a> &#8211; <a href=\"#Ablauf\">Ablauf<\/a> &#8211; <a href=\"#Spenden\">Spenden<\/a><\/span><\/p>\n<p><span style=\"font-family: arial, helvetica, sans-serif;\">Inzwischen unterst\u00fctzen 58 Gruppen\/ Verb\u00e4nde den Demo-Aufruf. Wenn ihr auch mit eurer Gruppe\/ Organisation\/ Partei-Verband den Aufruf unterzeichnen wollt, schreibt uns eine <a href=\"mailto:info@sofa-ms.de\" target=\"_blank\" rel=\"noopener\">E-Mail<\/a>.<\/span><\/p>\n<ul>\n<li class=\"western\"><span style=\"font-family: FreeSans, serif;\"><span style=\"font-size: small;\">11.-M\u00e4rz-Bewegung, Belgien<\/span><\/span><\/li>\n<li class=\"western\"><span style=\"font-family: FreeSans, serif;\"><span style=\"font-size: small;\">Aktionsb\u00fcndnis M\u00fcnsterland gegen Atomanlagen<\/span><\/span><\/li>\n<li><span style=\"font-family: FreeSans, serif;\"><span style=\"font-size: small;\">Aktionsb\u00fcndnis \u201eStop Westcastor\u201c J\u00fclich<\/span><\/span><\/li>\n<li class=\"western\"><span style=\"font-family: FreeSans, serif;\"><span style=\"font-size: small;\">AKW Nee Aachen<\/span><\/span><\/li>\n<li class=\"western\"><span style=\"font-family: FreeSans, serif;\"><span style=\"font-size: small;\">AntiAtomBerlin<\/span><\/span><\/li>\n<li class=\"western\"><span style=\"font-family: FreeSans, serif;\"><span style=\"font-size: small;\">AntiAtom Bonn<\/span><\/span><\/li>\n<li class=\"western\"><span style=\"font-family: FreeSans, serif;\"><span style=\"font-size: small;\">Anti-Atom-Gruppe Freiburg<\/span><\/span><\/li>\n<li class=\"western\"><span style=\"font-family: FreeSans, serif;\"><span style=\"font-size: small;\">Anti-Atom-Initiative G\u00f6ttingen<\/span><\/span><\/li>\n<li class=\"western\"><span style=\"font-family: FreeSans, serif;\"><span style=\"font-size: small;\">AntiAtomNetz Trier<\/span><\/span><\/li>\n<li class=\"western\"><span style=\"font-family: FreeSans, serif;\"><span style=\"font-size: small;\">Arbeitsgemeinschaft Schacht Konrad<\/span><\/span><\/li>\n<li class=\"western\"><span style=\"font-family: FreeSans, serif;\"><span style=\"font-size: small;\">Arbeitskreis Umwelt (AKU) Gronau<\/span><\/span><\/li>\n<li class=\"western\"><span style=\"font-family: FreeSans, serif;\"><span style=\"font-size: small;\">Arbeitskreis Umwelt (AKU) Sch\u00fcttorf<\/span><\/span><\/li>\n<li class=\"western\"><span style=\"font-family: FreeSans, serif;\"><span style=\"font-size: small;\">.ausgestrahlt<\/span><\/span><\/li>\n<li class=\"western\"><span style=\"font-family: FreeSans, serif;\"><span style=\"font-size: small;\">Bayern-Allianz f\u00fcr Atomausstieg und Klimaschutz (BAAK)<\/span><\/span><\/li>\n<li class=\"western\"><span style=\"font-family: FreeSans, serif;\"><span style=\"font-size: small;\">BI \u201eKein Atomm\u00fcll in Ahaus\u201c<\/span><\/span><\/li>\n<li class=\"western\"><span style=\"font-family: FreeSans, serif;\"><span style=\"font-size: small;\">BI Umweltschutz Hamm <\/span><\/span><\/li>\n<li class=\"western\"><span style=\"font-family: FreeSans, serif;\"><span style=\"font-size: small;\">BI Umweltschutz L\u00fcchow-Dannenberg<\/span><\/span><\/li>\n<li class=\"western\"><span style=\"font-family: FreeSans, serif;\"><span style=\"font-size: small;\">BI WAA NAA &#8211; BI gegen atomare Anlagen Weiden-Neustadt\/WN<\/span><\/span><\/li>\n<li class=\"western\"><span style=\"font-family: FreeSans, serif;\"><span style=\"font-size: small;\">BISS Leese<\/span><\/span><\/li>\n<li class=\"western\"><span style=\"font-family: FreeSans, serif;\"><span style=\"font-size: small;\">BUND, Kreisgruppe Duisburg<\/span><\/span><\/li>\n<li class=\"western\"><span style=\"font-family: FreeSans, serif;\"><span style=\"font-size: small;\">BUND Kreisgruppe Emsland<\/span><\/span><\/li>\n<li class=\"western\"><span style=\"font-family: FreeSans, serif;\"><span style=\"font-size: small;\">BUND Kreisgruppe M\u00fcnster<\/span><\/span><\/li>\n<li class=\"western\"><span style=\"font-family: FreeSans, serif;\"><span style=\"font-size: small;\">BUND, Landesverband NRW<\/span><\/span><\/li>\n<li class=\"western\"><span style=\"font-family: FreeSans, serif;\"><span style=\"font-size: small;\">Bundesverband B\u00fcrgerinitiativen Umweltschutz (BBU)<\/span><\/span><\/li>\n<li class=\"western\"><span style=\"font-family: FreeSans, serif;\"><span style=\"font-size: small;\">B\u00fcndnis AgiEL \u2013 Atomkraftgegner:innen im Emsland<\/span><\/span><\/li>\n<li class=\"western\"><span style=\"font-family: FreeSans, serif;\"><span style=\"font-size: small;\">B\u00fcndnis 90\/Die Gr\u00fcnen, KV Borken<\/span><\/span><\/li>\n<li class=\"western\"><span style=\"font-family: FreeSans, serif;\"><span style=\"font-size: small;\">B\u00fcndnis 90\/Die Gr\u00fcnen, KV M\u00fcnster<\/span><\/span><\/li>\n<li class=\"western\"><span style=\"font-family: FreeSans, serif;\"><span style=\"font-size: small;\">B\u00fcndnis 90 \/ Die Gr\u00fcnen, KV Warendorf<\/span><\/span><\/li>\n<li class=\"western\"><span style=\"font-family: FreeSans, serif;\"><span style=\"font-size: small;\">B\u00fcndnis 90\/Die Gr\u00fcnen, OV Ahaus<\/span><\/span><\/li>\n<li class=\"western\"><span style=\"font-family: FreeSans, serif;\"><span style=\"font-size: small;\">B\u00fcndnis 90\/Die Gr\u00fcnen, OV Gescher<\/span><\/span><\/li>\n<li class=\"western\"><span style=\"font-family: FreeSans, serif;\"><span style=\"font-size: small;\">B\u00fcndnis 90\/Die Gr\u00fcnen, OV Gronau<\/span><\/span><\/li>\n<li class=\"western\"><span style=\"font-family: FreeSans, serif;\"><span style=\"font-size: small;\">B\u00fcndnis 90 \/ Die Gr\u00fcnen, OV Telgte<\/span><\/span><\/li>\n<li class=\"western\"><span style=\"font-family: FreeSans, serif;\"><span style=\"font-size: small;\">Climate Express<\/span><\/span><\/li>\n<li class=\"western\"><span style=\"font-family: FreeSans, serif;\"><span style=\"font-size: small;\">Coesfeld for Future<\/span><\/span><\/li>\n<li class=\"western\"><span style=\"font-family: FreeSans, serif;\"><span style=\"font-size: small;\">Die Linke, Landesverband NRW<\/span><\/span><\/li>\n<li class=\"western\"><span style=\"font-family: FreeSans, serif;\"><span style=\"font-size: small;\">Die Linke, OV Ahaus<\/span><\/span><\/li>\n<li class=\"western\"><span style=\"font-family: FreeSans, serif;\"><span style=\"font-size: small;\">Die Linke, KV Borken<\/span><\/span><\/li>\n<li class=\"western\"><span style=\"font-family: FreeSans, serif;\"><span style=\"font-size: small;\">Die Linke, KV Bottrop<\/span><\/span><\/li>\n<li class=\"western\"><span style=\"font-family: FreeSans, serif;\"><span style=\"font-size: small;\">DFG-VK (Deutsche Friedensgesellschaft &#8211; Vereinigte KriegsdienstgegnerInnen) M\u00fcnster<\/span><\/span><\/li>\n<li class=\"western\"><span style=\"font-family: FreeSans, serif;\"><span style=\"font-size: small;\">Ecodefense<\/span><\/span><\/li>\n<li class=\"western\"><span style=\"font-family: FreeSans, serif;\"><span style=\"font-size: small;\">Elternverein Restrisiko Emsland<\/span><\/span><\/li>\n<li class=\"western\"><span style=\"font-family: FreeSans, serif;\"><span style=\"font-size: small;\">Energiewendegruppe M\u00fcnster<\/span><\/span><\/li>\n<li class=\"western\"><span style=\"font-family: FreeSans, serif;\"><span style=\"font-size: small;\">Evangelische Christus-Kirchengemeinde Ahaus<\/span><\/span><\/li>\n<li class=\"western\"><span style=\"font-family: FreeSans, serif;\"><span style=\"font-size: small;\">Gr\u00fcn-Alternative Liste (GAL) Gronau<\/span><\/span><\/li>\n<li class=\"western\"><span style=\"font-family: FreeSans, serif;\"><span style=\"font-size: small;\">Initiative Drei Rosen, Aachen<\/span><\/span><\/li>\n<li class=\"western\"><span style=\"font-family: FreeSans, serif;\"><span style=\"font-size: small;\">Katholische Kirchengemeinde St. Mari\u00e4 Himmelfahrt Ahaus<\/span><\/span><\/li>\n<li class=\"western\"><span style=\"font-family: FreeSans, serif;\"><span style=\"font-size: small;\">KFD (Katholische Frauengemeinschaft Deutschlands) Di\u00f6zesanverband M\u00fcnster<\/span><\/span><\/li>\n<li class=\"western\"><span style=\"font-family: FreeSans, serif;\"><span style=\"font-size: small;\">Klimab\u00fcndnis im Kreis Warendorf<\/span><\/span><\/li>\n<li class=\"western\"><span style=\"font-family: FreeSans, serif;\"><span style=\"font-size: small;\">Laka, Amsterdam<\/span><\/span><\/li>\n<li class=\"western\"><span style=\"font-family: FreeSans, serif;\"><span style=\"font-size: small;\">Natur- und Umweltschutzverein (NUG) Gronau<\/span><\/span><\/li>\n<li class=\"western\"><span style=\"font-family: FreeSans, serif;\"><span style=\"font-size: small;\">Robin Wood<\/span><\/span><\/li>\n<li class=\"western\"><span style=\"font-family: FreeSans, serif;\"><span style=\"font-size: small;\">Schweinfurter Aktionsb\u00fcndnis gegen Atomkraft (SWAB)<\/span><\/span><\/li>\n<li class=\"western\"><span style=\"font-family: FreeSans, serif;\"><span style=\"font-size: small;\">SOFA (Sofortiger Atomausstieg) M\u00fcnster<\/span><\/span><\/li>\n<li class=\"western\"><span style=\"font-family: FreeSans, serif;\"><span style=\"font-size: small;\">Solarenergie F\u00f6rderverein Infostelle Ost-M\u00fcnsterland<\/span><\/span><\/li>\n<li class=\"western\"><span style=\"font-family: FreeSans, serif;\"><span style=\"font-size: small;\">SPD-Ortsverein Ahaus<\/span><\/span><\/li>\n<li class=\"western\"><span style=\"font-family: FreeSans, serif;\"><span style=\"font-size: small;\">Umweltforum M\u00fcnster<\/span><\/span><\/li>\n<li class=\"western\"><span style=\"font-family: FreeSans, serif;\"><span style=\"font-size: small;\">Umweltinstitut M\u00fcnchen<\/span><\/span><\/li>\n<li class=\"western\"><span style=\"font-family: FreeSans, serif;\"><span style=\"font-size: small;\">Unabh\u00e4ngige W\u00e4hlergruppe (UWG) Ahaus<\/span><\/span><\/li>\n<li class=\"western\">..<span style=\"font-size: 20px;\">. und eure Gruppe\/ Partei!? <\/span><a href=\"mailto:info@sofa-ms.de\" target=\"_blank\" rel=\"noopener\"><span style=\"font-size: 20px;\">Mailt uns!<\/span><\/a><\/li>\n<\/ul>\n<h3><span style=\"font-family: arial, helvetica, sans-serif;\">Demo-Aufruf zum 7. M\u00e4rz:<\/span><\/h3>\n<h2 style=\"text-align: center;\"><span style=\"font-family: times new roman, times, serif;\">Atomm\u00fcll-Alarm auf den Autobahnen!<\/span><br \/>\n<span style=\"font-family: times new roman, times, serif;\">Castor-Transporte von J\u00fclich, Garching &amp; Berlin stoppen!<\/span><\/h2>\n<p style=\"text-align: left;\"><span style=\"font-family: times new roman, times, serif;\"><img loading=\"lazy\" decoding=\"async\" class=\"size-medium wp-image-3472 alignleft\" src=\"https:\/\/sofa-ms.de\/wp-content\/uploads\/2025\/08\/SoSpa-2-300x172.jpg\" alt=\"\" width=\"300\" height=\"172\" srcset=\"https:\/\/sofa-ms.de\/wp-content\/uploads\/2025\/08\/SoSpa-2-300x172.jpg 300w, https:\/\/sofa-ms.de\/wp-content\/uploads\/2025\/08\/SoSpa-2-1024x588.jpg 1024w, https:\/\/sofa-ms.de\/wp-content\/uploads\/2025\/08\/SoSpa-2-768x441.jpg 768w, https:\/\/sofa-ms.de\/wp-content\/uploads\/2025\/08\/SoSpa-2-1536x881.jpg 1536w, https:\/\/sofa-ms.de\/wp-content\/uploads\/2025\/08\/SoSpa-2-2048x1175.jpg 2048w, https:\/\/sofa-ms.de\/wp-content\/uploads\/2025\/08\/SoSpa-2-465x267.jpg 465w, https:\/\/sofa-ms.de\/wp-content\/uploads\/2025\/08\/SoSpa-2-695x399.jpg 695w\" sizes=\"auto, (max-width: 300px) 100vw, 300px\" \/>\u00dcber mehrere Jahre hinweg soll mit bis zu 152 LKW-Transporten hochradioaktiver Atomm\u00fcll in Castor-Beh\u00e4ltern aus dem Forschungszentrum J\u00fclich ins Zwischenlager Ahaus gebracht werden. Dazu soll weiterer Atomm\u00fcll aus dem Forschungsreaktor Garching bei M\u00fcnchen und dem Forschungsreaktor Berlin kommen. Damit droht auf den Autobahnen ein unkalkulierbarer Atomm\u00fcll-Wahnsinn \u2212 die gr\u00f6\u00dfte Transportserie von hochradioaktivem Atomm\u00fcll in Deutschland!<\/span><\/p>\n<p style=\"text-align: left;\"><span style=\"font-family: times new roman, times, serif;\">Seit mehr als 16 Jahren fordern wir ein modernes, m\u00f6glichst sicheres Zwischenlager in J\u00fclich \u2013 seit 16 Jahren versuchen die Verursacher den Atomm\u00fcll loszuwerden!<\/span><\/p>\n<p><span style=\"font-family: times new roman, times, serif;\"><strong>Das ist gef\u00e4hrlich, sinnlos und deswegen unverantwortlich, denn:<\/strong><\/span><\/p>\n<ul>\n<li><span style=\"font-family: times new roman, times, serif;\">Die Endlagerfrage ist ungel\u00f6st! Atomm\u00fcllverschiebung ist keine Entsorgung! Schon 2036 l\u00e4uft auch die Genehmigung des Zwischenlagers Ahaus aus.<\/span><\/li>\n<li><span style=\"font-family: times new roman, times, serif;\">Das 35 Jahre alte Atomm\u00fclllager in Ahaus entspricht nicht den heute m\u00f6glichen und n\u00f6tigen Sicherheitsstandards.<\/span><\/li>\n<li><span style=\"font-family: times new roman, times, serif;\">Jeder Atomm\u00fclltransport \u00fcber die maroden Autobahnen mit riesiger Polizeibegleitung birgt neue Gefahren \u2013 Unf\u00e4lle, Drohnen, Sabotage&#8230;<\/span><\/li>\n<\/ul>\n<p><span style=\"font-family: times new roman, times, serif;\">Nie zuvor wurden so viele verd\u00e4chtige Drohnen \u00fcber kritischer Infrastruktur gesichtet. Ein Drohnenangriff k\u00f6nnte zur Freisetzung von radioaktiver Strahlung f\u00fchren. W\u00f6chentlich gibt es neue Meldungen \u00fcber marode Autobahnen und Br\u00fccken, schwere Unf\u00e4lle und neue Sperrungen f\u00fcr Schwerlast-Transporte. Dabei wiegt jeder Castor-LKW 130 Tonnen, ist 30 Meter lang und 3 Meter breit.<\/span><\/p>\n<p><span style=\"font-family: times new roman, times, serif;\">Auch der Jahrestag der Reaktorkatastrophe von Fukushima mahnt: Atomkraft ist keine Energie der Zukunft, sondern Hochrisiko-Technologie! Neue AKW-Pl\u00e4ne in den Niederlanden, Tschechien oder Polen gef\u00e4hrden unsere Gesundheit. Gebaut w\u00fcrden sie nur mit Subventionen und beliefert w\u00fcrden sie wohl mit angereichertem Uran und Brennelementen aus Deutschland.<\/span><\/p>\n<p><span style=\"font-family: times new roman, times, serif;\"><strong><img loading=\"lazy\" decoding=\"async\" class=\"size-medium wp-image-3289 alignright\" src=\"https:\/\/sofa-ms.de\/wp-content\/uploads\/2025\/02\/Demo-Ahaus-2025-02-15-b-300x222.jpg\" alt=\"\" width=\"300\" height=\"222\" srcset=\"https:\/\/sofa-ms.de\/wp-content\/uploads\/2025\/02\/Demo-Ahaus-2025-02-15-b-300x222.jpg 300w, https:\/\/sofa-ms.de\/wp-content\/uploads\/2025\/02\/Demo-Ahaus-2025-02-15-b-1024x758.jpg 1024w, https:\/\/sofa-ms.de\/wp-content\/uploads\/2025\/02\/Demo-Ahaus-2025-02-15-b-768x568.jpg 768w, https:\/\/sofa-ms.de\/wp-content\/uploads\/2025\/02\/Demo-Ahaus-2025-02-15-b-1536x1137.jpg 1536w, https:\/\/sofa-ms.de\/wp-content\/uploads\/2025\/02\/Demo-Ahaus-2025-02-15-b-465x344.jpg 465w, https:\/\/sofa-ms.de\/wp-content\/uploads\/2025\/02\/Demo-Ahaus-2025-02-15-b-676x500.jpg 676w, https:\/\/sofa-ms.de\/wp-content\/uploads\/2025\/02\/Demo-Ahaus-2025-02-15-b.jpg 1777w\" sizes=\"auto, (max-width: 300px) 100vw, 300px\" \/>Deshalb fordern wir:<\/strong><\/span><\/p>\n<ul>\n<li><span style=\"font-family: times new roman, times, serif;\">Der Atomm\u00fcll muss bis zur Kl\u00e4rung der Endlagerfrage bleiben, wo er ist!<\/span><\/li>\n<li><span style=\"font-family: times new roman, times, serif;\">Hochradioaktiver Atomm\u00fcll geh\u00f6rt nicht auf die Autobahn!<\/span><\/li>\n<li><span style=\"font-family: times new roman, times, serif;\">Bundes- und Landesregierung m\u00fcssen endlich f\u00fcr moderne, m\u00f6glichst sichere Zwischenlager an den Atomm\u00fcllstandorten sorgen!<\/span><\/li>\n<li><span style=\"font-family: times new roman, times, serif;\">Keine Renaissance der Atomkraft \u2013 sofortige Stilllegung der Urananreicherungsanlage Gronau, der Brennelementefabrik Lingen und des Forschungsreaktors Garching!<\/span><\/li>\n<li><span style=\"font-family: times new roman, times, serif;\">Ablehnung der AKW-Projekte in Nachbarl\u00e4ndern durch die Bundesregierung!<\/span><\/li>\n<\/ul>\n<h3 style=\"text-align: center;\"><span style=\"font-family: times new roman, times, serif;\">Stoppen wir den Castor-Wahnsinn, bevor er losgeht!<\/span><br \/>\n<span style=\"font-family: times new roman, times, serif;\">Kommt am 7. M\u00e4rz zur Demo in Ahaus! Los geht\u2018s um 11.30 Uhr am Rathaus.<\/span><\/h3>\n<p>Mehr Infos: \u00a0 \u00a0<a href=\"https:\/\/www.bi-ahaus.de\/\" target=\"_blank\" rel=\"noopener\">BI Ahaus<\/a>\u00a0<a href=\"https:\/\/castor-stoppen.de\/\" target=\"_blank\" rel=\"noopener\">Castor-Ticker<\/a>\u00a0 \u00a0 \u00a0 <a href=\"https:\/\/www.westcastor.org\/\" target=\"_blank\" rel=\"noopener\">Aktionsb\u00fcndnis Stop Westcastor<\/a>\u00a0 \u00a0 \u00a0<a href=\"https:\/\/www.bund-nrw.de\/themen\/atomkraft\/castor-alarm\/\" target=\"_blank\" rel=\"noopener\">\u00a0BUND NRW e.V.\u00a0<\/a>\u00a0 \u00a0 <a href=\"https:\/\/www.ausgestrahlt.de\/themen\/atommuell\/hochradioaktiv\/zwischenlagerung\/castortransporte-vom-zwischenlager-julich-nach-ahaus\/\" target=\"_blank\" rel=\"noopener\">.ausgestrahlt<\/a><\/p>\n<p>&nbsp;<\/p>\n<p id=\"Anreise\"><span style=\"font-family: arial, helvetica, sans-serif;\"><strong>Anreisen<\/strong> k\u00f6nnt ihr umweltfreundlich mit der RB 51 von Dortmund und Enschede oder mit dem Schnellbus S70 aus M\u00fcnster. Vom Bahnhof\/ Busbahnhof lauft ihr in ca. 20 Minuten zum Rathaus: \u00dcber die Bahnhofstra\u00dfe, hinter dem Cafe Extrablatt links in die Fu\u00dfg\u00e4ngerzone und dieser dann an der Kirche\/ Markt vorbei bis zum Rathaus folgen. Die Gr\u00fcnen in Gescher bilden um 11 Uhr <strong>Fahrgemeinschaften<\/strong> auf dem Parkplatz Fabrikstra\u00dfe, die Gr\u00fcnen M\u00fcnster planen ebenfalls Fahrgemeinschaften.<br \/>\n<\/span><\/p>\n<p id=\"Ablauf\"><span style=\"font-family: arial, helvetica, sans-serif;\">Los geht es um 11:30 Uhr mit einer Auftaktkundgebung vor dem Rathaus, angef\u00fchrt von einem Landwirt mit Trecker f\u00fchrt der Demo-Zug dann aus der Innenstadt heraus \u00fcber die Hindenburg-Allee und Schorlemer Str. zur Kreuzung Schumacherring\/ Schorlemer Str.\/ Ammelner Str. \u00dcber diese Kreuzung muss der Atomm\u00fcll am Tag X auf jeden Fall rollen. Dort gibt es ebenfalls eine Kundgebung und dann geht es als angemeldeter Demo-Zug zur\u00fcck zum Bahn\u00fcbergang, wo die Demo enden wird.<\/span><\/p>\n<p id=\"Spenden\"><span style=\"font-family: arial, helvetica, sans-serif;\">Mobilisierung, Vorbereitung und Durchf\u00fchrung der Demo und anderer Protest-Aktionen kosten Geld, <a href=\"https:\/\/sofa-ms.de\/?page_id=556\">\u00fcberweist gerne vorab<\/a> oder schmei\u00dft auf der Demo etwas bei unseren Spenden-Sammler\/innen in die Dosen.<\/span><\/p>\n<p><span style=\"font-family: arial, helvetica, sans-serif; font-size: 16px;\">Inhalt dieser Seite: <\/span><span style=\"font-family: arial, font-size: 16px;\"><a href=\"#Unterstuetzer\">unterst\u00fctzende Gruppen<\/a> &#8211; <a href=\"#Aufruf\">Demo-Aufruf<\/a> &#8211; <a href=\"#Anreise\">Anreise<\/a> &#8211; <a href=\"#Ablauf\">Ablauf<\/a> &#8211; <a href=\"#Spenden\">Spenden<\/a><\/span><\/p>\n","protected":false},"excerpt":{"rendered":"<p>Nach \u00fcber 15 Jahren Planung f\u00fcr Castor-Transporte muss man diese als gescheitert ansehen und Bundes- und Landesregierung m\u00fcssen endlich f\u00fcr ein m\u00f6glichst sicheres Zwischenlager in J\u00fclich sorgen, was die Atomm\u00fcllverursacher seit 15 Jahren verschlampen&#8230; Der BUND NRW hat Beschwerde gegen den Castor-Beschluss des Verwaltungsgericht Berlin bez\u00fcglich der Transportgenehmigung\u00a0 eingelegt &#8211;<span class=\"more-link\"><a href=\"https:\/\/sofa-ms.de\/?page_id=3612\">lies mehr<\/a><\/span><\/p>\n","protected":false},"author":3,"featured_media":0,"parent":0,"menu_order":0,"comment_status":"closed","ping_status":"closed","template":"","meta":{"footnotes":""},"class_list":["entry","author-red-sofa","post-3612","page","type-page","status-publish"],"_links":{"self":[{"href":"https:\/\/sofa-ms.de\/index.php?rest_route=\/wp\/v2\/pages\/3612","targetHints":{"allow":["GET"]}}],"collection":[{"href":"https:\/\/sofa-ms.de\/index.php?rest_route=\/wp\/v2\/pages"}],"about":[{"href":"https:\/\/sofa-ms.de\/index.php?rest_route=\/wp\/v2\/types\/page"}],"author":[{"embeddable":true,"href":"https:\/\/sofa-ms.de\/index.php?rest_route=\/wp\/v2\/users\/3"}],"replies":[{"embeddable":true,"href":"https:\/\/sofa-ms.de\/index.php?rest_route=%2Fwp%2Fv2%2Fcomments&post=3612"}],"version-history":[{"count":19,"href":"https:\/\/sofa-ms.de\/index.php?rest_route=\/wp\/v2\/pages\/3612\/revisions"}],"predecessor-version":[{"id":3671,"href":"https:\/\/sofa-ms.de\/index.php?rest_route=\/wp\/v2\/pages\/3612\/revisions\/3671"}],"wp:attachment":[{"href":"https:\/\/sofa-ms.de\/index.php?rest_route=%2Fwp%2Fv2%2Fmedia&parent=3612"}],"curies":[{"name":"wp","href":"https:\/\/api.w.org\/{rel}","templated":true}]}}